{"id":93076,"date":"2025-02-19T16:16:30","date_gmt":"2025-02-19T15:16:30","guid":{"rendered":"https:\/\/europe.borealoutdoor.com\/condiciones-de-compra\/"},"modified":"2025-02-25T10:18:07","modified_gmt":"2025-02-25T09:18:07","slug":"condiciones-de-compra","status":"publish","type":"page","link":"https:\/\/europe.borealoutdoor.com\/es\/condiciones-de-compra\/","title":{"rendered":"Condiciones de compra"},"content":{"rendered":"\n<div style=\"height:50px\" aria-hidden=\"true\" class=\"wp-block-spacer\"><\/div>\n\n<h1 class=\"wp-block-heading\">Condiciones de compra<\/h1>\n\n<div style=\"height:30px\" aria-hidden=\"true\" class=\"wp-block-spacer\"><\/div>\n\n<h2 class=\"wp-block-heading\">1. OBJETO Y GENERALIDADES<br\/><\/h2>\n\n<p>CALZADOS BOREAL S.L. le da la bienvenida y le invita a leer atentamente las Condiciones Generales de Uso de este sitio Web, que describen los t\u00e9rminos y condiciones que ser\u00e1 aplicables a su navegaci\u00f3n por el mismo, de conformidad con lo establecido en la normativa espa\u00f1ola de aplicaci\u00f3n. Dado que CALZADOS BOREAL S.L., podr\u00eda modificar en el futuro estas Condiciones de Uso, le recomendamos que las visite peri\u00f3dicamente para estar debidamente informado de los cambios realizados. <\/p>\n\n<p>Si tiene alguna pregunta relacionada con las Condiciones o las Pol\u00edticas de Protecci\u00f3n de Datos, puede ponerse en contacto con nosotros a trav\u00e9s de nuestras v\u00edas de contacto, enviando un correo a &#x62;&#x32;&#x63;&#x40;&#x62;&#x6f;&#x72;&#x65;&#x61;&#x6c;&#x6f;&#x75;&#x74;&#x64;&#x6f;&#x6f;&#x72;&#x2e;&#x63;&#x6f;&#x6d;, o a trav\u00e9s del formulario de contacto indicado en nuestra web, en la secci\u00f3n <a href=\"https:\/\/europe.borealoutdoor.com\/es\/contacto\/\">Contacto<\/a>.<\/p>\n\n<p>El contrato podr\u00e1 formalizarse, a su elecci\u00f3n, en cualquiera de los cuatro idiomas en los que est\u00e1 traducida la p\u00e1gina web, y en los que est\u00e1 disponible el apartado de Condiciones de Compra. Los idiomas en los que se encuentra la web de Boreal son: Espa\u00f1ol, Ingl\u00e9s, Franc\u00e9s y Alem\u00e1n. <\/p>\n\n<p>A trav\u00e9s del sitio Web, CALZADOS BOREAL S.L. proporciona informaci\u00f3n acerca de sus productos y ofrece la posibilidad de su adquisici\u00f3n. La condici\u00f3n de Cliente supone la adhesi\u00f3n a los T\u00e9rminos y Condiciones de Venta, as\u00ed como del Aviso Legal y la Pol\u00edtica de Privacidad de la versi\u00f3n publicada en el momento en que acceda al sitio Web. <\/p>\n\n<p>En cualquier caso, existen p\u00e1ginas del Sitio Web accesibles a personas f\u00edsicas o jur\u00eddicas que no lleguen a registrarse, ni inicien una compra de producto. En este sentido, los Usuarios que accedan a estas partes del Sitio Web aceptan quedar sometidos a los t\u00e9rminos y condiciones recogidos en el Aviso Legal, Pol\u00edticas de Privacidad) y T\u00e9rminos y Condiciones de Venta, en la medida que ello les pueda ser de aplicaci\u00f3n. <\/p>\n\n<h2 class=\"wp-block-heading\">2. T\u00c9RMINOS LEGALES Y CONDICIONES<\/h2>\n\n<h3 class=\"wp-block-heading\">Datos de la Empresa<\/h3>\n\n<p>La empresa titular de esta p\u00e1gina web es CALZADOS BOREAL, S.L., con domicilio en ALTOS DE LA CONDOMINA, 15, 03400, VILLENA, ALICANTE, ESPA\u00d1A ,Inscrita en el Registro Mercantil de ALICANTE T 1302, F 30, S 8, H A 6544, con NIF B03091527 , tel\u00e9fono +34965800589 y email &#105;&#x6e;f&#x6f;&#x40;&#98;&#x6f;r&#101;&#x61;&#108;&#x6f;u&#116;&#x64;o&#x6f;r&#46;&#x63;o&#x6d;<\/p>\n\n<h3 class=\"wp-block-heading\">Propiedad Intelectual de la Web<\/h3>\n\n<p>Todos los derechos de propiedad intelectual del contenido de esta p\u00e1gina web, su dise\u00f1o gr\u00e1fico, y sus c\u00f3digos fuente, son titularidad exclusiva de CALZADOS BOREAL S.L., correspondi\u00e9ndole el ejercicio exclusivo de los derechos de explotaci\u00f3n de los mismos.<\/p>\n\n<p>Por tanto, queda prohibida su reproducci\u00f3n, distribuci\u00f3n, comunicaci\u00f3n p\u00fablica y transformaci\u00f3n, total o parcial, sin la autorizaci\u00f3n expresa de CALZADOS BOREAL S.L. Igualmente todos los nombres comerciales, marcas o signos distintivos de cualquier clase contenidos en esta web, est\u00e1n protegidos por la ley. <\/p>\n\n<h3 class=\"wp-block-heading\">Contenido de la Web y Enlaces<\/h3>\n\n<p>CALZADOS BOREAL S.L. no es responsable del mal uso que se realice de los contenidos de la p\u00e1gina web, siendo exclusiva responsabilidad de la persona que accede a ellos o los utiliza.<\/p>\n\n<p>Tampoco asumir\u00e1 ninguna responsabilidad por la informaci\u00f3n contenida en las p\u00e1ginas web de terceros a las que se pueda acceder por enlaces desde la p\u00e1gina web borealoutdoor.com<\/p>\n\n<h3 class=\"wp-block-heading\">Intercambio o difusi\u00f3n de informaci\u00f3n<\/h3>\n\n<p>CALZADOS BOREAL S.L. declina toda responsabilidad que se derive del intercambio de informaci\u00f3n entre usuarios a trav\u00e9s de su p\u00e1gina web.<\/p>\n\n<h3 class=\"wp-block-heading\">Actualizaci\u00f3n y modificaci\u00f3n de la p\u00e1gina web<\/h3>\n\n<p>CALZADOS BOREAL S.L. se reserva el derecho a actualizar, modificar o eliminar la informaci\u00f3n contenida en su p\u00e1gina web, y la configuraci\u00f3n o presentaci\u00f3n de la misma, en cualquier momento, sin previo aviso, y sin asumir responsabilidad alguna por ello.<\/p>\n\n<h3 class=\"wp-block-heading\">Indicaciones sobre aspectos t\u00e9cnicos<\/h3>\n\n<p>CALZADOS BOREAL S.L. no asume ninguna responsabilidad que se pueda derivar de problemas t\u00e9cnicos o fallos en los equipos inform\u00e1ticos, no computables a su Sociedad, que se produzcan durante la conexi\u00f3n a la red de internet, as\u00ed como de da\u00f1os que pudieran ser causados por terceras personas mediante intromisiones ileg\u00edtimas fuera del control de CALZADOS BOREAL S.L.<\/p>\n\n<p>Tambi\u00e9n queda exonerada de toda responsabilidad ante posibles da\u00f1os o perjuicios que pueda sufrir el usuario a consecuencia de errores, defectos u omisiones en la informaci\u00f3n que facilite cuando proceda de fuentes ajenas a ella.<\/p>\n\n<h3 class=\"wp-block-heading\">Seguridad de los Datos<\/h3>\n\n<p>CALZADOS BOREAL S.L. is committed to handling data confidentially in accordance with our data protection policies.<\/p>\n\n<p>La contrataci\u00f3n de los servicios ofrecidos por CALZADOS BOREAL, S.L. en esta p\u00e1gina, se realiza en un entorno seguro a trav\u00e9s de la implementaci\u00f3n de un sistema de encriptaci\u00f3n de datos SSL (Secure Sockets Layers) que garantiza la protecci\u00f3n de las comunicaciones v\u00eda Internet con la misma. El Cliente\/Usuario puede comprobar que se encuentra en un entorno operativo seguro observando el candado cerrado que se encuentra en la parte inferior de su pantalla. <\/p>\n\n<p>El Usuario se compromete a hacer uso l\u00edcito y adecuado de este Sitio Web as\u00ed como de los servicios que se prestan por parte de la empresa de conformidad con el presente Aviso Legal y a no desarrollar actividades contrarias a las leyes, a la moral, al orden p\u00fablico y en general, a hacer un buen uso de las presentes condiciones.<\/p>\n\n<p>CALZADOS BOREAL, S.L. se reserva, en caso de que lleve a cabo alguna actividad contraria a las leyes, el derecho a cancelar los pedidos de cualquier Usuario o a denegar el acceso al Sitio Web, sin previo aviso, y a ejercitar las acciones legales que considere oportunas.<\/p>\n\n<h3 class=\"wp-block-heading\">Errores tipogr\u00e1ficos<\/h3>\n\n<p>CALZADOS BOREAL S.L. no se hace responsable de los errores tipogr\u00e1ficos en precios, promociones, ofertas o condiciones promocionales en general. En el caso de que en alg\u00fan momento se produjera alg\u00fan error de este tipo ajeno en todo momento a la voluntad de borealoutdoor.com, se proceder\u00eda inmediatamente a su correcci\u00f3n. De existir un error tipogr\u00e1fico en alguno de los precios o promociones, y alg\u00fan cliente hubiera tomado una decisi\u00f3n de compra en dicho error, le comunicaremos dicho error y el cliente tendr\u00e1 derecho a rescindir su compra sin ning\u00fan coste por su parte.  <\/p>\n\n<h3 class=\"wp-block-heading\">Disponibilidad del servicio<\/h3>\n\n<p>CALZADOS BOREAL SL quiere hacer saber a sus clientes y usuarios, que se dirige exclusivamente a un p\u00fablico mayor de 18 a\u00f1os, y que el territorio en el que acepta y distribuye pedidos es la Uni\u00f3n Europea, con la excepci\u00f3n de algunos territorios y regiones de ultramar.<\/p>\n\n<p>CALZADOS BOREAL SL no realiza env\u00edos de pedido fuera de este territorio. Si un usuario estuviera interesado en recibir alg\u00fan art\u00edculo fuera de este territorio, deber\u00eda contactar con la empresa a trav\u00e9s del formulario o enviando un correo a &#x62;&#50;&#x63;&#x40;&#98;&#x6f;&#114;e&#x61;&#108;o&#x75;&#116;d&#x6f;&#111;r&#x2e;&#99;&#x6f;&#x6d;, y su solicitud ser\u00e1 estudiada y le informar\u00e1n al respecto. <\/p>\n\n<h3 class=\"wp-block-heading\">Correcci\u00f3n de errores<\/h3>\n\n<p>Puedes corregir los errores relacionados con los datos personales proporcionados durante el proceso de compra poni\u00e9ndote en contacto con b&#50;&#99;&#x40;&#x62;o&#114;&#101;&#x61;&#x6c;&#x6f;u&#116;&#100;&#x6f;&#x6f;r&#46;&#99;&#x6f;&#x6d;, as\u00ed como ejercer el derecho de rectificaci\u00f3n descrito en nuestra Pol\u00edtica de privacidad.<\/p>\n\n<p>Si usted detectase un error en su pedido con posterioridad a la finalizaci\u00f3n del proceso de pago, deber\u00e1 ponerse en contacto de forma inmediata con nuestro servicio de atenci\u00f3n al cliente, en el tel\u00e9fono +34 965800589, o en la direcci\u00f3n de correo electr\u00f3nico &#x62;&#x32;&#x63;&#x40;&#x62;&#x6f;&#x72;&#x65;&#x61;&#x6c;&#x6f;&#x75;&#x74;&#x64;&#x6f;&#x6f;&#x72;&#x2e;&#x63;&#x6f;&#x6d; para subsanar el error.<\/p>\n\n<h3 class=\"wp-block-heading\">Limitaci\u00f3n de responsabilidad<\/h3>\n\n<p>La escalada, el alpinismo, y otras actividades que se desarrollan en la monta\u00f1a y\/o trabajos verticales, son intr\u00ednsecamente peligrosos, y pueden producir lesiones graves. Es responsabilidad del cliente estar t\u00e9cnicamente capacitado para utilizar los materiales que distribuye CALZADOS BOREAL SL <\/p>\n\n<h3 class=\"wp-block-heading\">Legislaci\u00f3n y Jurisdicci\u00f3n<\/h3>\n\n<p>Las presentes condiciones generales, se interpretan conforme a la legislaci\u00f3n vigente en Espa\u00f1a en la materia, que se aplicar\u00e1 subsidiariamente en todo lo que no se haya previsto en las mismas. (B\u00e1sicamente 3\/2018, de 5 de diciembre de servicios de la informaci\u00f3n y comercio electr\u00f3nico). <\/p>\n\n<p>Los usuarios de nuestra web, son conscientes de todo lo expuesto y lo aceptan voluntariamente.<\/p>\n\n<h3 class=\"wp-block-heading\">Protecci\u00f3n de datos personales<\/h3>\n\n<p>Puedes consultar nuestra <a href=\"https:\/\/europe.borealoutdoor.com\/es\/politica-de-privacidad\/\">Pol\u00edtica de privacidad<\/a> para obtener m\u00e1s informaci\u00f3n.<\/p>\n\n<h3 class=\"wp-block-heading\">Pol\u00edtica de cookies<\/h3>\n\n<p>CALZADOS BOREAL S.L. utiliza \u201ccookies\u201d con el \u00fanico fin de ofrecer un mejor servicio, m\u00e1s personalizado y ayudar a que la navegaci\u00f3n por sus p\u00e1ginas resulte m\u00e1s f\u00e1cil y ajustada a las preferencias de sus usuarios.<\/p>\n\n<p>Puedes consultar todo lo referente a nuestra <a href=\"https:\/\/europe.borealoutdoor.com\/es\/politica-de-cookies\/\">Pol\u00edtica de cookies<\/a>.<\/p>\n\n<h3 class=\"wp-block-heading\">Descripci\u00f3n de productos y disponibilidad<\/h3>\n\n<p>La informaci\u00f3n dada sobre cada producto, as\u00ed como las fotograf\u00edas o v\u00eddeos relativos a los mismos y los nombres comerciales, marcas o signos distintivos de cualquier clase, contenidos en la p\u00e1gina web de CALZADOS BOREAL S.L., son expuestos en el sitio a modo orientativo, pudiendo contener alguna diferencia o error con el producto real.<\/p>\n\n<p>Todos los pedidos est\u00e1n sujetos a la disponibilidad de los productos. Si se produjeran dificultades en cuanto al suministro de los productos o no quedan art\u00edculos en stock, le reembolsaremos cualquier cantidad que pudiera usted haber abonado. <\/p>\n\n<h2 class=\"wp-block-heading\">3. PRECIOS<\/h2>\n\n<p>Los precios de la p\u00e1gina web incluyen el IVA, pero excluyen los gastos de env\u00edo, los cuales son calculados durante el procedimiento de compra y, en todo caso, conocidos por el cliente antes de la formalizaci\u00f3n del pedido. Una vez que se introduzca los datos referidos a la direcci\u00f3n y se selecciones las opciones de env\u00edo, el sistema muestra el c\u00e1lculo total de los gastos de env\u00edo. <\/p>\n\n<p>Los precios pueden cambiar en cualquier momento, pero los posibles cambios no afectar\u00e1n a los pedidos con respecto a los que ya le hayamos enviado una Confirmaci\u00f3n de Pedido, con la \u00fanica excepci\u00f3n de que los precios aplicados fueran como consecuencia de un error tipogr\u00e1fico.<\/p>\n\n<p>En relaci\u00f3n al Impuesto sobre el Valor A\u00f1adido, como regla general de aplicar\u00e1 el tipo impositivo correspondiente para cada territorio de la Uni\u00f3n Europea donde es de aplicaci\u00f3n este impuesto.<\/p>\n\n<h2 class=\"wp-block-heading\">4. FORMAS Y PLAZO DE ENV\u00cdO <\/h2>\n\n<p>Los plazos de env\u00edo se computan en d\u00edas laborables de lunes a viernes y pueden verse alterados por fiestas locales o nacionales.<\/p>\n\n<p>En fechas se\u00f1aladas como Navidad, Reyes, Black Friday, puentes o promociones especiales, no garantizamos que la entrega se efect\u00fae en plazo, debido al volumen de mercanc\u00eda de las agencias de transporte.<\/p>\n\n<p>En ning\u00fan caso se realizar\u00e1n env\u00edos a apartados postales.<\/p>\n\n<h3 class=\"wp-block-heading\">Tabla de Env\u00edos y Plazos de Entrega<\/h3>\n\n<figure class=\"wp-block-table\"><table><thead><tr><td><strong>Destino<\/strong><\/td><td><strong>Tarifa de env\u00edo<br\/><\/strong><\/td><td><strong>Plazo de entrega<br\/><\/strong><\/td><td><strong>Condiciones especiales<br\/><\/strong><\/td><\/tr><\/thead><tbody><tr><td>Espa\u00f1a (Pen\u00ednsula)<\/td><td>4.99 \u20ac<\/td><td>2-4 d\u00edas laborables<br\/><\/td><td>Env\u00edo gratuito en pedidos &gt; 50 \u20ac<\/td><\/tr><tr><td>Espa\u00f1a (Baleares)<br\/><\/td><td>4.99 \u20ac<\/td><td>3-5 d\u00edas laborables<br\/><\/td><td>Env\u00edo gratuito en pedidos &gt; 50 \u20ac<\/td><\/tr><tr><td>Portugal (Pen\u00ednsula)<\/td><td>4.99 \u20ac<\/td><td>3-5 d\u00edas laborables<br\/><\/td><td>Env\u00edo gratuito en pedidos &gt; 50 \u20ac<\/td><\/tr><tr><td>Resto de UE<\/td><td>9.99 \u20ac<\/td><td>4-6 d\u00edas laborables<br\/><\/td><td>Env\u00edo gratuito en pedidos &gt; 50 \u20ac<\/td><\/tr><\/tbody><\/table><\/figure>\n\n<h3 class=\"wp-block-heading\">Env\u00edos a Espa\u00f1a (Canarias, Ceuta y Melilla)<\/h3>\n\n<p>Los env\u00edos a Canarias, Ceuta y Melilla, no es posible adquirirlos a trav\u00e9s del sitio de internet, pero es posible realizar estos env\u00edos, en este caso p\u00f3nganse en contacto con &#x62;&#x32;&#x63;&#64;&#98;&#111;re&#x61;&#x6c;&#x6f;&#x75;&#116;&#100;oo&#x72;&#x2e;&#x63;&#x6f;&#109; con los detalles de su pedido para realizar el proceso del mismo de forma manual. <\/p>\n\n<h3 class=\"wp-block-heading\">Env\u00edos a otros pa\u00edses y\/o territorios de ultramar de la UE<\/h3>\n\n<p>Los env\u00edos a pa\u00edses fuera de la UE, as\u00ed como a territorios de ultramar de la UE no es posible a trav\u00e9s del sitio de internet, pero es posible realizar estos env\u00edos, en este caso p\u00f3nganse en contacto con &#x62;2&#x63;&#64;b&#x6f;&#114;&#x65;&#97;l&#x6f;&#117;&#x74;&#100;o&#x6f;&#114;&#x2e;&#x63;o&#x6d; con los detalles de su pedido para realizar el proceso del mismo de forma manual. <\/p>\n\n<p>Los gastos de env\u00edo dependen del pa\u00eds de env\u00edo y del volumen y el peso de los productos comprados. Los portes son calculados en tu cesta. Al a\u00f1adir un nuevo producto a la cesta de la compra los gastos de env\u00edo se recalculan autom\u00e1ticamente.  <\/p>\n\n<h2 class=\"wp-block-heading\">5. DEVOLUCIONES<\/h2>\n\n<p>Si por cualquier motivo no quedas satisfecho con tu pedido, el plazo de devoluci\u00f3n es de 14 d\u00edas naturales, a contar desde la fecha de entrega del pedido (art. 102 y 104, del R.D.L. 1\/2007, de 16 de noviembre, por el que se aprueba el texto refundido de la Ley General para la Defensa de los Consumidores y Usuarios y otras leyes complementarias.).<\/p>\n\n<p>Se ampl\u00eda el plazo de devoluci\u00f3n para las compras del Black Friday y Navidad, pudiendo devolver hasta el 15 de enero.<\/p>\n\n<p>Para realizar la devoluci\u00f3n tienes que hacernos llegar el producto en perfectas condiciones, sin usar y en su embalaje original, incluyendo garant\u00edas, etiquetas e instrucciones de uso, e indicando el n\u00famero de devoluci\u00f3n que se debe de solicitar a trav\u00e9s del <a href=\"https:\/\/europe.borealoutdoor.com\/es\/formulario-de-devolucion\/\">formulario de devoluci\u00f3n<\/a>. <\/p>\n\n<p>Ten en cuenta que el coste de la devoluci\u00f3n corre a cargo del cliente.<\/p>\n\n<p>Es muy importante que nos devuelvas los productos perfectamente embalados. En caso de que los productos resulten da\u00f1ados debido a un embalaje inapropiado, no admitiremos la devoluci\u00f3n. <\/p>\n\n<p>Una vez que recibamos la mercanc\u00eda en nuestros almacenes y comprobemos que se dan todas las condiciones anteriores, Borealoutdoor.com admitir\u00e1 la devoluci\u00f3n del producto, y se proceder\u00e1 al reintegro de su importe conforme a la modalidad de pago realizada, en un plazo m\u00e1ximo de 14 d\u00edas naturales a partir de la recepci\u00f3n en nuestro almac\u00e9n del producto de la devoluci\u00f3n. Ten en cuenta que si pagaste por tarjeta de cr\u00e9dito es probable que tu banco no te muestre el importe de la devoluci\u00f3n en tu saldo hasta el mes siguiente. <\/p>\n\n<p>Ten en cuenta que Borealoutdoor.com no admite env\u00edos a portes debidos, ante cualquier duda ponte en contacto con nuestro servicio de atenci\u00f3n al cliente en &#98;&#x32;&#x63;&#64;&#98;&#x6f;r&#101;&#x61;&#x6c;&#111;&#x75;&#x74;d&#111;&#x6f;r&#46;&#x63;&#x6f;&#109; <\/p>\n\n<p>En el caso de que el producto devuelto no cumpla con las condiciones especificadas se valorar\u00e1 la aceptaci\u00f3n de la devoluci\u00f3n con una disminuci\u00f3n en el precio. Si el producto devuelto finalmente no es aceptado se proceder\u00e1 al env\u00edo de nuevo al cliente sin cargo. <\/p>\n\n<h2 class=\"wp-block-heading\">6. DERECHO A DESESTIMIENTO<\/h2>\n\n<p>El comprador tiene derecho a desistimiento de su compra en un plazo 14 d\u00edas desde la recepci\u00f3n del pedido siempre y cuando se comunique en dicho plazo, el producto est\u00e9 en perfectas condiciones, sin usar y en su embalaje original, incluyendo garant\u00edas, etiquetas e instrucciones de uso, directamente por los medios habituales de contacto publicados en nuestra web o adjuntando el <a href=\"https:\/\/europe.borealoutdoor.com\/es\/formulario-de-desistimiento\/\">siguiente formulario<\/a>. <\/p>\n\n<p>Existen excepciones al derecho de desistimiento contempladas en el art. 103 del TRLGDCU.<\/p>\n\n<h2 class=\"wp-block-heading\">7. DISPONIBILIDAD DE PRODUCTOS<\/h2>\n\n<p>Borealoutdoor.com se reserva el derecho de devolver el importe de tu pedido si no es posible realizar el env\u00edo o entrega de la mercanc\u00eda en los t\u00e9rminos citados anteriormente. Te informaremos con una alternativa personalizada a tu compra. <\/p>\n\n<p>Es posible cancelar un pedido siempre que no haya sido enviado o se encuentre en proceso de env\u00edo. Para cancelar tu pedido ponte en contacto con nuestro servicio de Atenci\u00f3n al cliente &#98;&#x32;c&#64;&#x62;&#111;&#x72;e&#97;&#x6c;o&#x75;&#x74;&#100;&#x6f;o&#114;&#x2e;c&#x6f;&#x6d; <\/p>\n\n<h2 class=\"wp-block-heading\">8. FORMAS DE PAGO<\/h2>\n\n<h3 class=\"wp-block-heading\">Tarjeta de cr\u00e9dito o d\u00e9bito<\/h3>\n\n<p>Todas las operaciones que implican la transmisi\u00f3n de datos personales o bancarios se realizan utilizando un entorno seguro. Borealoutdoor.com utiliza un servidor basado en la tecnolog\u00eda de seguridad est\u00e1ndar SSL (SecureSockedLayer). Toda la informaci\u00f3n que se transmite viaja cifrada a trav\u00e9s de la red.  <\/p>\n\n<p>Asimismo, los datos sobre tu tarjeta de cr\u00e9dito no quedan registrados en ninguna base de datos sino que van directamente al TPV (Terminal Punto de Venta) del banco.<\/p>\n\n<p>Para proporcionar mayor seguridad a los propietarios de tarjetas de cr\u00e9dito, hemos incorporado en nuestra pasarela de pagos el sistema de pago seguro denominado CES (Comercio Electr\u00f3nico Seguro). De esta forma, si eres titular de una tarjeta \u00absecurizada\u00bb siempre podr\u00e1s efectuar pagos con tarjeta en nuestra tienda. <\/p>\n\n<p>En ambos casos, al pagar con tarjeta se te solicitar\u00e1n siempre los siguientes datos: el n\u00famero de tarjeta, la fecha de caducidad, y un c\u00f3digo de validaci\u00f3n que coincide con las 3 \u00faltimas cifras del n\u00famero impreso en el reverso de tu tarjeta, ofreciendo, de esta forma, m\u00e1s garant\u00edas acerca de la seguridad de la transacci\u00f3n.<\/p>\n\n<p>Si todav\u00eda no has recibido una clave personal de uso exclusivo para pagos en Internet, te aconsejamos que solicites a tu entidad financiera adherir tus tarjetas al servicio de Comercio Electr\u00f3nico Seguro. Para ello puedes ponerte en contacto con tu banco.<\/p>\n\n<h3 class=\"wp-block-heading\">Instrucciones de Pago por Transferencia Bancaria<\/h3>\n\n<p>Para completar su compra, realice una transferencia bancaria a la cuenta indicada en la confirmaci\u00f3n de su pedido. Es muy importante que incluya la referencia de su pedido en el concepto de la transferencia para que podamos realizar la trazabilidad de la misma. <\/p>\n\n<p>El pedido ser\u00e1 procesado una vez confirmado el pago. Para pagos internacionales, verifique las posibles comisiones bancarias, que siempre ir\u00e1n a su cargo. <\/p>\n\n<p>Si tiene alguna duda, cont\u00e1ctenos en &#x62;&#x32;&#x63;&#x40;&#x62;&#x6f;&#x72;&#x65;&#x61;&#x6c;&#x6f;&#x75;&#x74;&#x64;&#x6f;&#x6f;&#x72;&#x2e;&#x63;&#x6f;&#x6d;<\/p>\n\n<h2 class=\"wp-block-heading\">9. GARANT\u00cdA<\/h2>\n\n<p>Borealoutdoor.com ofrece a sus clientes la garant\u00eda legal de 3 a\u00f1os frente a defectos de fabricaci\u00f3n desde la fecha de compra.<\/p>\n\n<p>Los defectos o desperfectos debidos a una incorrecta utilizaci\u00f3n o manipulaci\u00f3n del material o los desgastes producidos por un uso normal del mismo, no se incluyen en esta garant\u00eda. Las mermas en la funcionalidad de los art\u00edculos, debidas a las limitaciones de concepci\u00f3n de los mismos, tambi\u00e9n est\u00e1n excluidas de la cobertura de esta garant\u00eda. <\/p>\n\n<p>La reparaci\u00f3n, abono o sustituci\u00f3n se llevar\u00e1 a cabo en un plazo m\u00e1ximo de 1 mes,<\/p>\n\n<p>Si en la recepci\u00f3n del pedido, antes de que el producto sea utilizado, encuentras alg\u00fan defecto o fallo en lo recibido, tendr\u00e1s que contactar con nosotros a trav\u00e9s del servicio de atenci\u00f3n al cliente &#x62;&#50;&#99;&#64;&#x62;&#x6f;&#114;e&#x61;&#x6c;&#111;ut&#x64;&#111;&#111;r&#x2e;&#x63;&#111;m. Te pediremos una foto del defecto y nos ocuparemos de recoger el producto, una vez lo recibamos, procederemos al cambio o sustituci\u00f3n de forma inmediata y en el caso de no ser posible, procederemos a la devoluci\u00f3n del dinero.  <\/p>\n\n<p>Si el producto ya ha sido utilizado y encuentras alg\u00fan defecto o fallo, tendr\u00e1s que contactar con nosotros a trav\u00e9s del servicio del servicio de Atenci\u00f3n al Cliente, &#x62;2&#x63;&#64;&#x62;&#111;r&#x65;&#97;&#x6c;&#111;u&#x74;&#100;&#x6f;&#111;r&#x2e;c&#x6f;&#109;, te pediremos fotos del defecto y nos ocuparemos de recoger el producto. Una vez lo recibamos, procederemos al peritaje del mismo y al tr\u00e1mite de la garant\u00eda lo m\u00e1s r\u00e1pido posible. <\/p>\n","protected":false},"excerpt":{"rendered":"<p>Condiciones de compra 1. OBJETO Y GENERALIDADES CALZADOS BOREAL S.L. le da la bienvenida y le invita a leer atentamente las Condiciones Generales de Uso de este sitio Web, que describen los t\u00e9rminos y condiciones que ser\u00e1 aplicables a su [&hellip;]<\/p>\n","protected":false},"author":1,"featured_media":0,"parent":0,"menu_order":0,"comment_status":"closed","ping_status":"closed","template":"","meta":[],"yoast_head":"<!-- This site is optimized with the Yoast SEO plugin v21.8.1 - https:\/\/yoast.com\/wordpress\/plugins\/seo\/ -->\n<title>Condiciones de compra - Boreal Europe<\/title>\n<meta name=\"robots\" content=\"index, follow, max-snippet:-1, max-image-preview:large, max-video-preview:-1\" \/>\n<link rel=\"canonical\" href=\"https:\/\/europe.borealoutdoor.com\/es\/condiciones-de-compra\/\" \/>\n<meta property=\"og:locale\" content=\"es_ES\" \/>\n<meta property=\"og:type\" content=\"article\" \/>\n<meta property=\"og:title\" content=\"Condiciones de compra - Boreal Europe\" \/>\n<meta property=\"og:description\" content=\"Condiciones de compra 1. OBJETO Y GENERALIDADES CALZADOS BOREAL S.L. le da la bienvenida y le invita a leer atentamente las Condiciones Generales de Uso de este sitio Web, que describen los t\u00e9rminos y condiciones que ser\u00e1 aplicables a su [&hellip;]\" \/>\n<meta property=\"og:url\" content=\"https:\/\/europe.borealoutdoor.com\/es\/condiciones-de-compra\/\" \/>\n<meta property=\"og:site_name\" content=\"Boreal Europe\" \/>\n<meta property=\"article:publisher\" content=\"https:\/\/www.facebook.com\/Boreal.official\/\" \/>\n<meta property=\"article:modified_time\" content=\"2025-02-25T09:18:07+00:00\" \/>\n<meta name=\"twitter:card\" content=\"summary_large_image\" \/>\n<meta name=\"twitter:site\" content=\"@borealoutdoor\" \/>\n<meta name=\"twitter:label1\" content=\"Tiempo de lectura\" \/>\n\t<meta name=\"twitter:data1\" content=\"16 minutos\" \/>\n<script type=\"application\/ld+json\" class=\"yoast-schema-graph\">{\"@context\":\"https:\/\/schema.org\",\"@graph\":[{\"@type\":\"WebPage\",\"@id\":\"https:\/\/europe.borealoutdoor.com\/es\/condiciones-de-compra\/\",\"url\":\"https:\/\/europe.borealoutdoor.com\/es\/condiciones-de-compra\/\",\"name\":\"Condiciones de compra - Boreal Europe\",\"isPartOf\":{\"@id\":\"https:\/\/europe.borealoutdoor.com\/es\/#website\"},\"datePublished\":\"2025-02-19T15:16:30+00:00\",\"dateModified\":\"2025-02-25T09:18:07+00:00\",\"breadcrumb\":{\"@id\":\"https:\/\/europe.borealoutdoor.com\/es\/condiciones-de-compra\/#breadcrumb\"},\"inLanguage\":\"es\",\"potentialAction\":[{\"@type\":\"ReadAction\",\"target\":[\"https:\/\/europe.borealoutdoor.com\/es\/condiciones-de-compra\/\"]}]},{\"@type\":\"BreadcrumbList\",\"@id\":\"https:\/\/europe.borealoutdoor.com\/es\/condiciones-de-compra\/#breadcrumb\",\"itemListElement\":[{\"@type\":\"ListItem\",\"position\":1,\"name\":\"Portada\",\"item\":\"https:\/\/europe.borealoutdoor.com\/es\/home\/\"},{\"@type\":\"ListItem\",\"position\":2,\"name\":\"Condiciones de compra\"}]},{\"@type\":\"WebSite\",\"@id\":\"https:\/\/europe.borealoutdoor.com\/es\/#website\",\"url\":\"https:\/\/europe.borealoutdoor.com\/es\/\",\"name\":\"Boreal\",\"description\":\"\",\"publisher\":{\"@id\":\"https:\/\/europe.borealoutdoor.com\/es\/#organization\"},\"potentialAction\":[{\"@type\":\"SearchAction\",\"target\":{\"@type\":\"EntryPoint\",\"urlTemplate\":\"https:\/\/europe.borealoutdoor.com\/es\/?s={search_term_string}\"},\"query-input\":\"required name=search_term_string\"}],\"inLanguage\":\"es\"},{\"@type\":\"Organization\",\"@id\":\"https:\/\/europe.borealoutdoor.com\/es\/#organization\",\"name\":\"Boreal\",\"url\":\"https:\/\/europe.borealoutdoor.com\/es\/\",\"logo\":{\"@type\":\"ImageObject\",\"inLanguage\":\"es\",\"@id\":\"https:\/\/europe.borealoutdoor.com\/es\/#\/schema\/logo\/image\/\",\"url\":\"https:\/\/europe.borealoutdoor.com\/wp-content\/uploads\/sites\/6\/2023\/11\/logo-vertical2.png\",\"contentUrl\":\"https:\/\/europe.borealoutdoor.com\/wp-content\/uploads\/sites\/6\/2023\/11\/logo-vertical2.png\",\"width\":257,\"height\":168,\"caption\":\"Boreal\"},\"image\":{\"@id\":\"https:\/\/europe.borealoutdoor.com\/es\/#\/schema\/logo\/image\/\"},\"sameAs\":[\"https:\/\/www.facebook.com\/Boreal.official\/\",\"https:\/\/twitter.com\/borealoutdoor\",\"https:\/\/www.youtube.com\/user\/BorealVideos\",\"https:\/\/www.instagram.com\/borealoutdoor\/\"]}]}<\/script>\n<!-- \/ Yoast SEO plugin. -->","yoast_head_json":{"title":"Condiciones de compra - Boreal Europe","robots":{"index":"index","follow":"follow","max-snippet":"max-snippet:-1","max-image-preview":"max-image-preview:large","max-video-preview":"max-video-preview:-1"},"canonical":"https:\/\/europe.borealoutdoor.com\/es\/condiciones-de-compra\/","og_locale":"es_ES","og_type":"article","og_title":"Condiciones de compra - Boreal Europe","og_description":"Condiciones de compra 1. OBJETO Y GENERALIDADES CALZADOS BOREAL S.L. le da la bienvenida y le invita a leer atentamente las Condiciones Generales de Uso de este sitio Web, que describen los t\u00e9rminos y condiciones que ser\u00e1 aplicables a su [&hellip;]","og_url":"https:\/\/europe.borealoutdoor.com\/es\/condiciones-de-compra\/","og_site_name":"Boreal Europe","article_publisher":"https:\/\/www.facebook.com\/Boreal.official\/","article_modified_time":"2025-02-25T09:18:07+00:00","twitter_card":"summary_large_image","twitter_site":"@borealoutdoor","twitter_misc":{"Tiempo de lectura":"16 minutos"},"schema":{"@context":"https:\/\/schema.org","@graph":[{"@type":"WebPage","@id":"https:\/\/europe.borealoutdoor.com\/es\/condiciones-de-compra\/","url":"https:\/\/europe.borealoutdoor.com\/es\/condiciones-de-compra\/","name":"Condiciones de compra - Boreal Europe","isPartOf":{"@id":"https:\/\/europe.borealoutdoor.com\/es\/#website"},"datePublished":"2025-02-19T15:16:30+00:00","dateModified":"2025-02-25T09:18:07+00:00","breadcrumb":{"@id":"https:\/\/europe.borealoutdoor.com\/es\/condiciones-de-compra\/#breadcrumb"},"inLanguage":"es","potentialAction":[{"@type":"ReadAction","target":["https:\/\/europe.borealoutdoor.com\/es\/condiciones-de-compra\/"]}]},{"@type":"BreadcrumbList","@id":"https:\/\/europe.borealoutdoor.com\/es\/condiciones-de-compra\/#breadcrumb","itemListElement":[{"@type":"ListItem","position":1,"name":"Portada","item":"https:\/\/europe.borealoutdoor.com\/es\/home\/"},{"@type":"ListItem","position":2,"name":"Condiciones de compra"}]},{"@type":"WebSite","@id":"https:\/\/europe.borealoutdoor.com\/es\/#website","url":"https:\/\/europe.borealoutdoor.com\/es\/","name":"Boreal","description":"","publisher":{"@id":"https:\/\/europe.borealoutdoor.com\/es\/#organization"},"potentialAction":[{"@type":"SearchAction","target":{"@type":"EntryPoint","urlTemplate":"https:\/\/europe.borealoutdoor.com\/es\/?s={search_term_string}"},"query-input":"required name=search_term_string"}],"inLanguage":"es"},{"@type":"Organization","@id":"https:\/\/europe.borealoutdoor.com\/es\/#organization","name":"Boreal","url":"https:\/\/europe.borealoutdoor.com\/es\/","logo":{"@type":"ImageObject","inLanguage":"es","@id":"https:\/\/europe.borealoutdoor.com\/es\/#\/schema\/logo\/image\/","url":"https:\/\/europe.borealoutdoor.com\/wp-content\/uploads\/sites\/6\/2023\/11\/logo-vertical2.png","contentUrl":"https:\/\/europe.borealoutdoor.com\/wp-content\/uploads\/sites\/6\/2023\/11\/logo-vertical2.png","width":257,"height":168,"caption":"Boreal"},"image":{"@id":"https:\/\/europe.borealoutdoor.com\/es\/#\/schema\/logo\/image\/"},"sameAs":["https:\/\/www.facebook.com\/Boreal.official\/","https:\/\/twitter.com\/borealoutdoor","https:\/\/www.youtube.com\/user\/BorealVideos","https:\/\/www.instagram.com\/borealoutdoor\/"]}]}},"_links":{"self":[{"href":"https:\/\/europe.borealoutdoor.com\/es\/wp-json\/wp\/v2\/pages\/93076"}],"collection":[{"href":"https:\/\/europe.borealoutdoor.com\/es\/wp-json\/wp\/v2\/pages"}],"about":[{"href":"https:\/\/europe.borealoutdoor.com\/es\/wp-json\/wp\/v2\/types\/page"}],"author":[{"embeddable":true,"href":"https:\/\/europe.borealoutdoor.com\/es\/wp-json\/wp\/v2\/users\/1"}],"replies":[{"embeddable":true,"href":"https:\/\/europe.borealoutdoor.com\/es\/wp-json\/wp\/v2\/comments?post=93076"}],"version-history":[{"count":3,"href":"https:\/\/europe.borealoutdoor.com\/es\/wp-json\/wp\/v2\/pages\/93076\/revisions"}],"predecessor-version":[{"id":93176,"href":"https:\/\/europe.borealoutdoor.com\/es\/wp-json\/wp\/v2\/pages\/93076\/revisions\/93176"}],"wp:attachment":[{"href":"https:\/\/europe.borealoutdoor.com\/es\/wp-json\/wp\/v2\/media?parent=93076"}],"curies":[{"name":"wp","href":"https:\/\/api.w.org\/{rel}","templated":true}]}}